{"id":6514,"date":"2022-10-06T10:36:04","date_gmt":"2022-10-06T08:36:04","guid":{"rendered":"https:\/\/camping-miramar.de\/?page_id=6514"},"modified":"2022-12-19T10:53:51","modified_gmt":"2022-12-19T09:53:51","slug":"datenschutz","status":"publish","type":"page","link":"https:\/\/camping-miramar.de\/en\/datenschutz\/","title":{"rendered":"Data protection"},"content":{"rendered":"<div id=\"datenschutz\" class=\"fusion-container-anchor\"><div class=\"fusion-fullwidth fullwidth-box fusion-builder-row-1 fusion-flex-container has-pattern-background has-mask-background nonhundred-percent-fullwidth non-hundred-percent-height-scrolling\" style=\"--awb-border-radius-top-left:0px;--awb-border-radius-top-right:0px;--awb-border-radius-bottom-right:0px;--awb-border-radius-bottom-left:0px;--awb-padding-top:80px;--awb-padding-bottom:40px;--awb-margin-top-small:30px;--awb-flex-wrap:wrap;\" ><div class=\"fusion-builder-row fusion-row fusion-flex-align-items-flex-start fusion-flex-content-wrap\" style=\"max-width:1248px;margin-left: calc(-4% \/ 2 );margin-right: calc(-4% \/ 2 );\"><div class=\"fusion-layout-column fusion_builder_column fusion-builder-column-0 fusion_builder_column_1_3 1_3 fusion-flex-column fusion-no-small-visibility fusion-no-medium-visibility fusion-animated\" style=\"--awb-bg-size:cover;--awb-width-large:33.333333333333%;--awb-margin-top-large:0px;--awb-spacing-right-large:5.76%;--awb-margin-bottom-large:20px;--awb-spacing-left-large:5.76%;--awb-width-medium:40%;--awb-order-medium:0;--awb-spacing-right-medium:4.8%;--awb-spacing-left-medium:4.8%;--awb-width-small:100%;--awb-order-small:0;--awb-spacing-right-small:1.92%;--awb-spacing-left-small:1.92%;\" data-animationtype=\"fadeInLeft\" data-animationduration=\"1.0\" data-animationoffset=\"top-into-view\"><div class=\"fusion-column-wrapper fusion-column-has-shadow fusion-flex-justify-content-flex-start fusion-content-layout-column\"><div class=\"fusion-image-element\" style=\"--awb-caption-title-font-family:var(--h2_typography-font-family);--awb-caption-title-font-weight:var(--h2_typography-font-weight);--awb-caption-title-font-style:var(--h2_typography-font-style);--awb-caption-title-size:var(--h2_typography-font-size);--awb-caption-title-transform:var(--h2_typography-text-transform);--awb-caption-title-line-height:var(--h2_typography-line-height);--awb-caption-title-letter-spacing:var(--h2_typography-letter-spacing);\"><span class=\"fusion-imageframe imageframe-none imageframe-1 hover-type-none\"><img decoding=\"async\" width=\"400\" height=\"711\" alt=\"Anmeldung\" title=\"Anmeldung &#8211; Camping Miramar\" src=\"https:\/\/camping-miramar.de\/wp-content\/uploads\/2022\/09\/Anmeldung-hochformat_DSC6928.jpg\" data-orig-src=\"https:\/\/camping-miramar.de\/wp-content\/uploads\/2022\/09\/Anmeldung-hochformat_DSC6928-400x711.jpg\" class=\"lazyload img-responsive wp-image-6186\" srcset=\"data:image\/svg+xml,%3Csvg%20xmlns%3D%27http%3A%2F%2Fwww.w3.org%2F2000%2Fsvg%27%20width%3D%271200%27%20height%3D%272133%27%20viewBox%3D%270%200%201200%202133%27%3E%3Crect%20width%3D%271200%27%20height%3D%272133%27%20fill-opacity%3D%220%22%2F%3E%3C%2Fsvg%3E\" data-srcset=\"https:\/\/camping-miramar.de\/wp-content\/uploads\/2022\/09\/Anmeldung-hochformat_DSC6928-200x356.jpg 200w, https:\/\/camping-miramar.de\/wp-content\/uploads\/2022\/09\/Anmeldung-hochformat_DSC6928-400x711.jpg 400w, https:\/\/camping-miramar.de\/wp-content\/uploads\/2022\/09\/Anmeldung-hochformat_DSC6928-600x1067.jpg 600w, https:\/\/camping-miramar.de\/wp-content\/uploads\/2022\/09\/Anmeldung-hochformat_DSC6928-800x1422.jpg 800w, https:\/\/camping-miramar.de\/wp-content\/uploads\/2022\/09\/Anmeldung-hochformat_DSC6928.jpg 1200w\" data-sizes=\"auto\" data-orig-sizes=\"(max-width: 1024px) 100vw, (max-width: 640px) 100vw, 400px\" \/><\/span><\/div><\/div><\/div><div class=\"fusion-layout-column fusion_builder_column fusion-builder-column-1 fusion_builder_column_1_2 1_2 fusion-flex-column fusion-no-small-visibility fusion-no-large-visibility\" style=\"--awb-bg-size:cover;--awb-width-large:50%;--awb-margin-top-large:0px;--awb-spacing-right-large:3.84%;--awb-margin-bottom-large:20px;--awb-spacing-left-large:3.84%;--awb-width-medium:40%;--awb-order-medium:0;--awb-spacing-right-medium:4.8%;--awb-spacing-left-medium:4.8%;--awb-width-small:100%;--awb-order-small:1;--awb-spacing-right-small:1.92%;--awb-spacing-left-small:1.92%;\"><div class=\"fusion-column-wrapper fusion-column-has-shadow fusion-flex-justify-content-flex-start fusion-content-layout-column\"><div class=\"fusion-image-element\" style=\"--awb-aspect-ratio:9 \/ 21;--awb-object-position:53% 38%;--awb-caption-title-font-family:var(--h2_typography-font-family);--awb-caption-title-font-weight:var(--h2_typography-font-weight);--awb-caption-title-font-style:var(--h2_typography-font-style);--awb-caption-title-size:var(--h2_typography-font-size);--awb-caption-title-transform:var(--h2_typography-text-transform);--awb-caption-title-line-height:var(--h2_typography-line-height);--awb-caption-title-letter-spacing:var(--h2_typography-letter-spacing);\"><span class=\"fusion-imageframe imageframe-none imageframe-2 hover-type-none has-aspect-ratio\"><img decoding=\"async\" width=\"600\" height=\"1067\" alt=\"Anmeldung\" title=\"Anmeldung &#8211; Camping Miramar\" src=\"https:\/\/camping-miramar.de\/wp-content\/uploads\/2022\/09\/Anmeldung-hochformat_DSC6928.jpg\" data-orig-src=\"https:\/\/camping-miramar.de\/wp-content\/uploads\/2022\/09\/Anmeldung-hochformat_DSC6928-600x1067.jpg\" class=\"lazyload img-responsive wp-image-6186 img-with-aspect-ratio\" data-parent-fit=\"cover\" data-parent-container=\".fusion-image-element\" srcset=\"data:image\/svg+xml,%3Csvg%20xmlns%3D%27http%3A%2F%2Fwww.w3.org%2F2000%2Fsvg%27%20width%3D%271200%27%20height%3D%272133%27%20viewBox%3D%270%200%201200%202133%27%3E%3Crect%20width%3D%271200%27%20height%3D%272133%27%20fill-opacity%3D%220%22%2F%3E%3C%2Fsvg%3E\" data-srcset=\"https:\/\/camping-miramar.de\/wp-content\/uploads\/2022\/09\/Anmeldung-hochformat_DSC6928-200x356.jpg 200w, https:\/\/camping-miramar.de\/wp-content\/uploads\/2022\/09\/Anmeldung-hochformat_DSC6928-400x711.jpg 400w, https:\/\/camping-miramar.de\/wp-content\/uploads\/2022\/09\/Anmeldung-hochformat_DSC6928-600x1067.jpg 600w, https:\/\/camping-miramar.de\/wp-content\/uploads\/2022\/09\/Anmeldung-hochformat_DSC6928-800x1422.jpg 800w, https:\/\/camping-miramar.de\/wp-content\/uploads\/2022\/09\/Anmeldung-hochformat_DSC6928.jpg 1200w\" data-sizes=\"auto\" data-orig-sizes=\"(max-width: 1024px) 100vw, (max-width: 640px) 100vw, 600px\" \/><\/span><\/div><\/div><\/div><div class=\"fusion-layout-column fusion_builder_column fusion-builder-column-2 fusion_builder_column_2_3 2_3 fusion-flex-column fusion-animated\" style=\"--awb-bg-size:cover;--awb-width-large:66.666666666667%;--awb-margin-top-large:0px;--awb-spacing-right-large:2.88%;--awb-margin-bottom-large:20px;--awb-spacing-left-large:2.88%;--awb-width-medium:60%;--awb-order-medium:0;--awb-spacing-right-medium:3.2%;--awb-spacing-left-medium:3.2%;--awb-width-small:100%;--awb-order-small:2;--awb-spacing-right-small:1.92%;--awb-spacing-left-small:1.92%;\" data-animationtype=\"fadeInRight\" data-animationduration=\"1.0\" data-animationoffset=\"top-into-view\"><div class=\"fusion-column-wrapper fusion-column-has-shadow fusion-flex-justify-content-flex-start fusion-content-layout-column\"><div class=\"fusion-builder-row fusion-builder-row-inner fusion-row fusion-flex-align-items-flex-start fusion-flex-content-wrap\" style=\"--awb-flex-grow:0;--awb-flex-grow-medium:0;--awb-flex-grow-small:0;--awb-flex-shrink:0;--awb-flex-shrink-medium:0;--awb-flex-shrink-small:0;width:104% !important;max-width:104% !important;margin-left: calc(-4% \/ 2 );margin-right: calc(-4% \/ 2 );\"><div class=\"fusion-layout-column fusion_builder_column_inner fusion-builder-nested-column-0 fusion_builder_column_inner_1_1 1_1 fusion-flex-column\" style=\"--awb-bg-size:cover;--awb-width-large:100%;--awb-margin-top-large:0px;--awb-spacing-right-large:1.92%;--awb-margin-bottom-large:0px;--awb-spacing-left-large:1.92%;--awb-width-medium:100%;--awb-order-medium:0;--awb-spacing-right-medium:1.92%;--awb-margin-bottom-medium:0px;--awb-spacing-left-medium:1.92%;--awb-width-small:100%;--awb-order-small:0;--awb-spacing-right-small:1.92%;--awb-spacing-left-small:1.92%;\"><div class=\"fusion-column-wrapper fusion-column-has-shadow fusion-flex-justify-content-flex-start fusion-content-layout-row\"><i class=\"fb-icon-element-1 fb-icon-element fontawesome-icon fa-campground fas circle-no fusion-text-flow\" style=\"--awb-iconcolor:var(--awb-custom_color_1);--awb-iconcolor-hover:var(--awb-custom_color_1);--awb-font-size:24px;--awb-margin-bottom:0px;\"><\/i>\n<div class=\"fusion-title title fusion-title-1 fusion-sep-none fusion-title-text fusion-title-size-three\" style=\"--awb-margin-bottom:0px;--awb-margin-top-small:0px;--awb-margin-bottom-small:20px;--awb-margin-bottom-medium:0px;\"><h3 class=\"fusion-title-heading title-heading-left fusion-responsive-typography-calculated\" style=\"margin:0;text-transform:none;--fontSize:19;--minFontSize:19;line-height:1.35;\">Pflichtangaben<\/h3><\/div><\/div><\/div><\/div><div class=\"fusion-title title fusion-title-2 fusion-sep-none fusion-title-text fusion-title-size-one\" style=\"--awb-text-color:var(--awb-color5);--awb-margin-top-small:0px;--awb-margin-bottom-small:20px;\"><h1 class=\"fusion-title-heading title-heading-left fusion-responsive-typography-calculated\" style=\"margin:0;text-transform:none;--fontSize:52;line-height:var(--awb-typography1-line-height);\">Datenschutzinformationen<\/h1><\/div><div class=\"fusion-text fusion-text-1\"><p>Vielen Dank f\u00fcr Ihr Interesse an unserer Website und der damit verbundenen Datenverarbeitung. Die nachfolgenden Datenschutzhinweise enthalten u.a. Informationen, welche personenbezogene Nutzerdaten bei Ihrem Besuch auf unserer Website verarbeitet werden, auf welcher Rechtsgrundlage diese Datenverarbeitungen basieren und welche Rechte Ihnen als Betroffene\/r zustehen. Mit diesen Informationen tragen wir unseren Transparenzpflichten gem\u00e4\u00df Art. 12 und 13 der Europ\u00e4ischen Datenschutz-Grundverordnung (EU-DSGVO) Rechnung.<\/p>\n<p><b><br \/>\nVerantwortlicher<\/b><br \/>\nVerantwortlicher im Sinne der DSGVO, des Bundesdatenschutzgesetzes (BDSG n.F.) sowie sonstiger datenschutzrechtlicher Bestimmungen f\u00fcr diese Website ist:<br \/>\nCamping Miramar GmbH &amp; Co KG<br \/>\nFehmarnsund 70<br \/>\n23769 Fehmarn<br \/>\nTelefon: +49 (0)4371 3220<br \/>\nTelefax: +49 (0)4371 868044<br \/>\nE-Mail: info@camping-miramar.de<\/p>\n<p>Weitere Angaben zu unserem Unternehmen sowie Kontaktm\u00f6glichkeiten stellen wir Ihnen in unserem <a href=\"https:\/\/camping-miramar.de\/en\/impressum\/\">Imprint<\/a> bereit.<\/p>\n<p><b>F\u00fcr den Datenschutz zust\u00e4ndig ist:<\/b><br \/>\nFrau Francesca Klahn<br \/>\nTelefon: +49 (0)4371 3220<br \/>\nE-Mail: info@camping-miramar.de<\/p>\n<\/div><\/div><\/div><div class=\"fusion-layout-column fusion_builder_column fusion-builder-column-3 fusion_builder_column_1_1 1_1 fusion-flex-column\" style=\"--awb-bg-size:cover;--awb-width-large:100%;--awb-margin-top-large:0px;--awb-spacing-right-large:1.92%;--awb-margin-bottom-large:20px;--awb-spacing-left-large:1.92%;--awb-width-medium:100%;--awb-order-medium:0;--awb-spacing-right-medium:1.92%;--awb-spacing-left-medium:1.92%;--awb-width-small:100%;--awb-order-small:0;--awb-spacing-right-small:1.92%;--awb-spacing-left-small:1.92%;\"><div class=\"fusion-column-wrapper fusion-column-has-shadow fusion-flex-justify-content-flex-start fusion-content-layout-column\"><div class=\"fusion-tabs fusion-tabs-1 classic vertical-tabs icon-position-left mobile-mode-accordion\" style=\"--awb-title-border-radius-top-left:0px;--awb-title-border-radius-top-right:0px;--awb-title-border-radius-bottom-right:0px;--awb-title-border-radius-bottom-left:0px;--awb-alignment:start;--awb-inactive-color:#f7f7f7;--awb-title-text-color:var(--awb-color8);--awb-title-active-text-color:var(--awb-custom_color_1);--awb-background-color:var(--awb-color1);--awb-border-color:var(--awb-color3);--awb-active-border-color:#e03217;\"><div class=\"nav\"><ul class=\"nav-tabs\" role=\"tablist\"><li class=\"active\" role=\"presentation\"><a class=\"tab-link\" data-toggle=\"tab\" role=\"tab\" aria-controls=\"tab-3ee16618a51be027408\" aria-selected=\"true\" id=\"fusion-tab-hosting\" href=\"#tab-3ee16618a51be027408\"><h4 class=\"fusion-tab-heading\">Hosting<\/h4><\/a><\/li><li role=\"presentation\"><a class=\"tab-link\" data-toggle=\"tab\" role=\"tab\" aria-controls=\"tab-5aac8df12bd4d79ae8d\" aria-selected=\"false\" tabindex=\"-1\" id=\"fusion-tab-nutzungvoncookies\" href=\"#tab-5aac8df12bd4d79ae8d\"><h4 class=\"fusion-tab-heading\">Nutzung von Cookies<\/h4><\/a><\/li><li role=\"presentation\"><a class=\"tab-link\" data-toggle=\"tab\" role=\"tab\" aria-controls=\"tab-b46a2ff37779893d741\" aria-selected=\"false\" tabindex=\"-1\" id=\"fusion-tab-kontaktm\u00f6glichkeiten\" href=\"#tab-b46a2ff37779893d741\"><h4 class=\"fusion-tab-heading\">Kontaktm\u00f6glichkeiten<\/h4><\/a><\/li><li role=\"presentation\"><a class=\"tab-link\" data-toggle=\"tab\" role=\"tab\" aria-controls=\"tab-f182946c7274b80aad2\" aria-selected=\"false\" tabindex=\"-1\" id=\"fusion-tab-stellenanzeigen\/onlinebewerbung\" href=\"#tab-f182946c7274b80aad2\"><h4 class=\"fusion-tab-heading\">Stellenanzeigen \/ Onlinebewerbung<\/h4><\/a><\/li><li role=\"presentation\"><a class=\"tab-link\" data-toggle=\"tab\" role=\"tab\" aria-controls=\"tab-0977bfc7d57ff8835af\" aria-selected=\"false\" tabindex=\"-1\" id=\"fusion-tab-sozialenetzwerke\" href=\"#tab-0977bfc7d57ff8835af\"><h4 class=\"fusion-tab-heading\">Soziale Netzwerke<\/h4><\/a><\/li><li role=\"presentation\"><a class=\"tab-link\" data-toggle=\"tab\" role=\"tab\" aria-controls=\"tab-d48354a2381d9fc9505\" aria-selected=\"false\" tabindex=\"-1\" id=\"fusion-tab-ihrebetroffenenrechte\" href=\"#tab-d48354a2381d9fc9505\"><h4 class=\"fusion-tab-heading\">Ihre Betroffenenrechte<\/h4><\/a><\/li><li role=\"presentation\"><a class=\"tab-link\" data-toggle=\"tab\" role=\"tab\" aria-controls=\"tab-5ca7dae4cfbed0fef02\" aria-selected=\"false\" tabindex=\"-1\" id=\"fusion-tab-externelinks\" href=\"#tab-5ca7dae4cfbed0fef02\"><h4 class=\"fusion-tab-heading\">Externe Links<\/h4><\/a><\/li><li role=\"presentation\"><a class=\"tab-link\" data-toggle=\"tab\" role=\"tab\" aria-controls=\"tab-479ee28dc4e15e03244\" aria-selected=\"false\" tabindex=\"-1\" id=\"fusion-tab-sicherheit\" href=\"#tab-479ee28dc4e15e03244\"><h4 class=\"fusion-tab-heading\">Sicherheit<\/h4><\/a><\/li><li role=\"presentation\"><a class=\"tab-link\" data-toggle=\"tab\" role=\"tab\" aria-controls=\"tab-3d05cd7c3718c3da91d\" aria-selected=\"false\" tabindex=\"-1\" id=\"fusion-tab-widerspruchgegenwerbe-e-mails\" href=\"#tab-3d05cd7c3718c3da91d\"><h4 class=\"fusion-tab-heading\">Widerspruch gegen Werbe-E-Mails<\/h4><\/a><\/li><li role=\"presentation\"><a class=\"tab-link\" data-toggle=\"tab\" role=\"tab\" aria-controls=\"tab-b0eae4c93b9bc7e50c4\" aria-selected=\"false\" tabindex=\"-1\" id=\"fusion-tab-aktualit\u00e4tunsererdatenschutzinformation\" href=\"#tab-b0eae4c93b9bc7e50c4\"><h4 class=\"fusion-tab-heading\">Aktualit\u00e4t unserer Datenschutzinformation<\/h4><\/a><\/li><\/ul><\/div><div class=\"tab-content\"><div class=\"nav fusion-mobile-tab-nav\"><ul class=\"nav-tabs\" role=\"tablist\"><li class=\"active\" role=\"presentation\"><a class=\"tab-link\" data-toggle=\"tab\" role=\"tab\" aria-controls=\"tab-3ee16618a51be027408\" aria-selected=\"true\" id=\"mobile-fusion-tab-hosting\" href=\"#tab-3ee16618a51be027408\"><h4 class=\"fusion-tab-heading\">Hosting<\/h4><\/a><\/li><\/ul><\/div><div class=\"tab-pane fade fusion-clearfix in active\" role=\"tabpanel\" tabindex=\"0\" aria-labelledby=\"fusion-tab-hosting\" id=\"tab-3ee16618a51be027408\">\n<p><strong>Bereitstellung unserer Website und Log-Files<\/strong><\/p>\n<p><u>Beschreibung und Umfang der Datenverarbeitung<\/u><\/p>\n<p>Unserer Website wir bei einem Dienstleister gehostet (externes Hosting). Der Webserver erfasst bei jedem Aufruf unserer Website automatisiert die nachfolgenden Informationen von Ihrem System und speichert diese:<\/p>\n<ul>\n<li>IP-Adresse des Ger\u00e4tes, mit dem Sie auf die Website oder zugreifen<\/li>\n<li>Browsertyp und Browserversion<\/li>\n<li>Referrer URL (Die Webseite, die Sie zuvor besucht haben)<\/li>\n<li>Verwendetes Betriebssystem<\/li>\n<li>Hostname des zugreifenden Rechners<\/li>\n<li>Datum und Uhrzeit der Serveranfrage<\/li>\n<\/ul>\n<p><u>Rechtsgrundlage f\u00fcr die Datenverarbeitung<\/u><\/p>\n<p>Die Rechtsgrundlage f\u00fcr die vor\u00fcbergehende Speicherung der zuvor genannten Daten und deren Protokollierung in sogenannten Log-Files ist unser berechtigtes Interesse als Website-Betreiber gem\u00e4\u00df Art. 6 Abs. 1 lit. f DSGVO i.V.m. \u00a725 Abs. 2 Nr. 2 TTDSG an einer optimalen Bereitstellung unseres Online-Angebotes.<br \/>Wir haben mit dem Webhoster einen Vertrag zur Auftragsverarbeitung geschlossen. Insofern werden Ihre Daten nur in dem Ma\u00dfe verarbeitet, wie es f\u00fcr die Leistungserbringung erforderlich ist.<\/p>\n<p><u>Zweck der Datenverarbeitung<\/u><\/p>\n<p>Die vor\u00fcbergehende Speicherung Ihrer IP-Adresse durch den Webserver ist notwendig, um eine Auslieferung der Website an Ihren Rechner umzusetzen. Hierf\u00fcr muss Ihre IP-Adresse f\u00fcr die Dauer Ihres Website-Besuchs gespeichert bleiben.<br \/>Die Speicherung der Daten in Log-Files (Protokolldateien) dient uns zur Sicherstellung der Funktionsf\u00e4higkeit unserer Website. Des Weiteren dienen sie uns zur Website-Optimierung und zur Gew\u00e4hrleistung der Sicherheit unserer informationstechnischen Systeme (z.B. zur Angriffserkennung). Eine Auswertung dieser Daten zu Marketingzwecken findet nicht statt.<\/p>\n<p><u>Dauer der Speicherung<\/u><\/p>\n<p>Die oben genannten Daten werden gel\u00f6scht, sobald sie f\u00fcr die genannte Zweckerf\u00fcllung nicht mehr erforderlich sind. F\u00fcr Datenverarbeitungen, die der Bereitstellung der Website dienen, ist dies nach dem Beenden Ihres Website-Besuchs der Fall.<br \/>Daten, die in Log-Files gespeichert werden, werden nach sp\u00e4testens 7 Tagen gel\u00f6scht. Eine dar\u00fcberhinausgehende Speicherung kann erfolgen. In diesem Fall wird Ihre IP-Adresse gel\u00f6scht oder anonymisiert, sodass kein Personenbezug mehr zu Ihrem System m\u00f6glich ist.<\/p>\n<\/div><div class=\"nav fusion-mobile-tab-nav\"><ul class=\"nav-tabs\" role=\"tablist\"><li role=\"presentation\"><a class=\"tab-link\" data-toggle=\"tab\" role=\"tab\" aria-controls=\"tab-5aac8df12bd4d79ae8d\" aria-selected=\"false\" tabindex=\"-1\" id=\"mobile-fusion-tab-nutzungvoncookies\" href=\"#tab-5aac8df12bd4d79ae8d\"><h4 class=\"fusion-tab-heading\">Nutzung von Cookies<\/h4><\/a><\/li><\/ul><\/div><div class=\"tab-pane fade fusion-clearfix\" role=\"tabpanel\" tabindex=\"0\" aria-labelledby=\"fusion-tab-nutzungvoncookies\" id=\"tab-5aac8df12bd4d79ae8d\">\n<p><strong> Cookies<\/strong><\/p>\n<p><u>Beschreibung und Umfang der Datenverarbeitung<\/u><\/p>\n<p>Wir setzen auf unserer Website Cookies ein. Cookies sind Textdateien, die auf Ihrem Endger\u00e4t gespeichert werden. Sie werden entweder vor\u00fcbergehend f\u00fcr die Dauer einer Sitzung (Session-Cookies) oder dauerhaft (permanente Cookies) gespeichert. Session-Cookies werden nach dem Ende Ihres Besuchs automatisch gel\u00f6scht. Permanente Cookies verbleiben so lange auf Ihrem Endger\u00e4t, bis Sie diese eigenst\u00e4ndig l\u00f6schen oder eine automatische L\u00f6schung durch Ihren Webbrowser erfolgt. Man unterscheidet zwischen technisch notwendigen Cookies und Cookies m\u00f6glicher Drittanbieter.<\/p>\n<p><u>Rechtsgrundlage f\u00fcr die Datenverarbeitung<\/u><\/p>\n<p>Die Rechtsgrundlage zum Einsatz von funktionstechnisch notwendigen Cookies ist unser berechtigtes Interesse als Website-Betreiber gem\u00e4\u00df Art. 6 Abs. 1 lit. f DSGVO i.V.m. \u00a725 Abs. 2 Nr. 2 TTDSG.<br \/>Die Rechtgrundlage zum Setzen von Drittanbieter-Cookies, die keiner technischen Notwendigkeit unterliegen, sondern unseren Tracking- und Marketinginteressen dienen, basiert auf Ihrer erteilten Einwilligung gem\u00e4\u00df Art. 6 Abs. 1 lit. a DSGVO i.V.m. \u00a725 Abs. 1 TTDSG. Sie k\u00f6nnen diese Einwilligung jederzeit widerrufen. Die Rechtm\u00e4\u00dfigkeit der bis zum Widerruf erfolgten Datenverarbeitung bleibt unber\u00fchrt.<\/p>\n<p><u>Zweck der Datenverarbeitung<\/u><\/p>\n<p>Technisch notwendige Cookies erm\u00f6glichen uns eine fehlerfreie und nutzerfreundliche Bereitstellung unserer Website.<br \/>Der Einsatz von Cookies zu Marketingzwecken erm\u00f6glicht uns eine stetige Verbesserung des Nutzererlebnisses unserer Website sowie das Generieren individueller Angebote.<\/p>\n<p><u>Dauer der Speicherung und Widerspruchsm\u00f6glichkeit<\/u><\/p>\n<p>Sie k\u00f6nnen gespeicherte Cookies jederzeit in Ihren Browsereinstellungen l\u00f6schen. Zudem k\u00f6nnen Sie in Ihrem Browser individuelle Voreinstellungen vornehmen, indem Sie dem Setzen von Cookies durch Websites bzw. durch Drittanbieter generell widersprechen. Wir weisen darauf hin, dass Sie durch das Ausschlie\u00dfen von Cookies unsere Website m\u00f6glicherweise nicht in vollem Funktionsumfang nutzen k\u00f6nnen.<\/p>\n<\/div><div class=\"nav fusion-mobile-tab-nav\"><ul class=\"nav-tabs\" role=\"tablist\"><li role=\"presentation\"><a class=\"tab-link\" data-toggle=\"tab\" role=\"tab\" aria-controls=\"tab-b46a2ff37779893d741\" aria-selected=\"false\" tabindex=\"-1\" id=\"mobile-fusion-tab-kontaktm\u00f6glichkeiten\" href=\"#tab-b46a2ff37779893d741\"><h4 class=\"fusion-tab-heading\">Kontaktm\u00f6glichkeiten<\/h4><\/a><\/li><\/ul><\/div><div class=\"tab-pane fade fusion-clearfix\" role=\"tabpanel\" tabindex=\"0\" aria-labelledby=\"fusion-tab-kontaktm\u00f6glichkeiten\" id=\"tab-b46a2ff37779893d741\">\n<p><strong> Kontaktaufnahme per E-Mail oder Reservierungs- und Anfrageformular<\/strong><\/p>\n<p><u>Beschreibung und Umfang der Datenverarbeitung<\/u><\/p>\n<p>Sie k\u00f6nnen \u00fcber folgende Wege Kontakt zu uns aufnehmen:<br \/>Reservierungs- und Anfrageformular<br \/>Im Impressum bereitgestellte E-Mail-Adresse<br \/>Wenn Sie \u00fcber diese Wege mit uns in Kontakt treten, werden damit Ihre mit der Anfrage \u00fcbermittelten personenbezogenen Daten von uns verarbeitet. Welche Daten dies im Einzelnen betrifft, k\u00f6nnen Sie den Eingabefeldern unseres Formulars entnehmen. Zudem werden alle weiteren Daten \u00fcbermittelt, die Sie uns im Rahmen Ihrer Anfrage freiwillig mitteilen.<\/p>\n<p><u>Rechtsgrundlage f\u00fcr die Datenverarbeitung<\/u><\/p>\n<p>Die Rechtsgrundlage f\u00fcr die Verarbeitung Ihrer Daten aus der Anfrage ist Ihre freiwillige Einwilligung gem\u00e4\u00df Art. 6 Abs. 1 lit. a) DSGVO. Sie k\u00f6nnen diese Einwilligung jederzeit widerrufen. Die Rechtm\u00e4\u00dfigkeit der bis zum Widerruf erfolgten Datenverarbeitung bleibt unber\u00fchrt.<br \/>Zielt Ihre Anfrage auf den Abschluss eines Vertrags ab, so ist die zus\u00e4tzliche Rechtsgrundlage f\u00fcr diese Datenverarbeitung die Anbahnung bzw. Erf\u00fcllung eines Vertrags gem\u00e4\u00df Art. 6 Abs. 1 lit. b) DSGVO.<\/p>\n<p><u>Zweck der Datenverarbeitung<\/u><\/p>\n<p>Die Verarbeitung der zuvor genannten personenbezogenen Daten dient ausschlie\u00dflich der Bearbeitung Ihrer Kontaktaufnahme bzw. Ihrer Reservierungsanfrage.<\/p>\n<p><u>Dauer der Speicherung<\/u><\/p>\n<p>Die oben genannten Daten werden gel\u00f6scht, sobald sie f\u00fcr die genannte Zweckerf\u00fcllung nicht mehr erforderlich sind. F\u00fcr die personenbezogenen Daten, die Sie uns per E-Mail oder unser Kontaktformular \u00fcbersandt haben, ist dies dann der Fall, wenn die jeweilige Konversation mit Ihnen beendet ist. Als beendet gilt die Konversation dann, wenn sich aus den Umst\u00e4nden entnehmen l\u00e4sst, dass der betroffene Sachverhalt abschlie\u00dfend gekl\u00e4rt ist.<\/p>\n<p><u>Widerrufsm\u00f6glichkeit<\/u><\/p>\n<p>Sie haben jederzeit die M\u00f6glichkeit dieser Datenverarbeitung zu widersprechen. Einen Widerspruch k\u00f6nnen Sie an folgende E-Mail-Adresse senden: info@camping-miramar.de<br \/>Alle personenbezogenen Daten, die im Zuge der Kontaktaufnahme gespeichert wurden, werden in diesem Fall gel\u00f6scht.<\/p>\n<\/div><div class=\"nav fusion-mobile-tab-nav\"><ul class=\"nav-tabs\" role=\"tablist\"><li role=\"presentation\"><a class=\"tab-link\" data-toggle=\"tab\" role=\"tab\" aria-controls=\"tab-f182946c7274b80aad2\" aria-selected=\"false\" tabindex=\"-1\" id=\"mobile-fusion-tab-stellenanzeigen\/onlinebewerbung\" href=\"#tab-f182946c7274b80aad2\"><h4 class=\"fusion-tab-heading\">Stellenanzeigen \/ Onlinebewerbung<\/h4><\/a><\/li><\/ul><\/div><div class=\"tab-pane fade fusion-clearfix\" role=\"tabpanel\" tabindex=\"0\" aria-labelledby=\"fusion-tab-stellenanzeigen\/onlinebewerbung\" id=\"tab-f182946c7274b80aad2\">\n<p><strong>Ver\u00f6ffentlichung von Stellenanzeigen \/ Onlinebewerbung<\/strong><\/p>\n<p><u>Beschreibung und Umfang der Datenverarbeitung<\/u><\/p>\n<p>Bei Bedarf ver\u00f6ffentlichen wir auf unserer Website Stellenanzeigen, auf die Sie sich postalisch oder elektronisch bewerben k\u00f6nnen. Bei einer elektronischen \u00dcbermittlung Ihrer Bewerberdaten erheben und speichern wir alle Ihre uns mitgeteilten personenbezogenen Daten.<\/p>\n<p><u>Rechtsgrundlage f\u00fcr die Datenverarbeitung<\/u><\/p>\n<p>Wir verarbeiten Ihre Bewerberdaten gem\u00e4\u00df Art. 6 Abs. 1 lit. f) DSGVO aus unserem berechtigten Interesse heraus vakante Stellen in unserem Hause aufgabenorientiert und qualifiziert zu besetzen.<br \/>Sollte eine Anstellung aus Ihrer Bewerbung resultieren, so ist die Verarbeitung Ihrer Bewerberdaten gem\u00e4\u00df Art. 6 Abs. 1 lit. b) DSGVO als Durchf\u00fchrung vorvertraglicher Ma\u00dfnahmen rechtlich anzuerkennen.<\/p>\n<p><u>Zweck der Datenverarbeitung<\/u><\/p>\n<p>Mit Hilfe Ihrer Bewerberdaten ist es uns m\u00f6glich eine Bewerberauswahl f\u00fcr vakante Stellen zu treffen.<\/p>\n<p><u>Dauer der Speicherung<\/u><\/p>\n<p>Ihre Daten werden bis zum Abschluss des Bewerbungsverfahrens bei uns gespeichert. Sollte keine Anstellung aus Ihrer Bewerbung resultieren, l\u00f6schen bzw. vernichten wir Ihre Daten nach erteilter Absage unter Ber\u00fccksichtigung der gesetzlich definierten Widerspruchsfristen.<br \/>Sollten Sie uns eine Einwilligung zur dar\u00fcber hinausgehenden Datenspeicherung erteilt haben, so gilt die darin definierte Speicherdauer.<\/p>\n<p><u>Widerrufsm\u00f6glichkeit<\/u><\/p>\n<p>Sie k\u00f6nnen eine uns gegen\u00fcber erteilte Einwilligung zur weiterf\u00fchrenden Speicherung Ihrer Bewerberdaten jederzeit ohne Angaben von Gr\u00fcnden widerrufen. Dazu wenden Sie sich bitte postalisch an uns oder \u00fcbersenden Ihren Widerspruch an folgende Adresse: info@camping-miramar.de<\/p>\n<\/div><div class=\"nav fusion-mobile-tab-nav\"><ul class=\"nav-tabs\" role=\"tablist\"><li role=\"presentation\"><a class=\"tab-link\" data-toggle=\"tab\" role=\"tab\" aria-controls=\"tab-0977bfc7d57ff8835af\" aria-selected=\"false\" tabindex=\"-1\" id=\"mobile-fusion-tab-sozialenetzwerke\" href=\"#tab-0977bfc7d57ff8835af\"><h4 class=\"fusion-tab-heading\">Soziale Netzwerke<\/h4><\/a><\/li><\/ul><\/div><div class=\"tab-pane fade fusion-clearfix\" role=\"tabpanel\" tabindex=\"0\" aria-labelledby=\"fusion-tab-sozialenetzwerke\" id=\"tab-0977bfc7d57ff8835af\">\n<p><u>Beschreibung und Umfang der Datenverarbeitung<\/u><\/p>\n<p>Wir betrieben Profile in sozialen Netzwerken. Hierf\u00fcr greifen wir auf die technische Infrastruktur des jeweiligen Plattformbetreibers zur\u00fcck. Die Betreiber sozialer Netzwerke stellen ihren Kunden in der Regel umfangreiche Analysen \u00fcber die Profilbesucher zur Verf\u00fcgung und nutzen die personenbezogenen Daten auch f\u00fcr eigene Zwecke, wie bspw. Werbung. Die Datenverarbeitungsprozesse sind nicht immer transparent nachvollziehbar, umfassen jedoch zumindest folgende datenschutzrelevante Verarbeitungst\u00e4tigkeiten:<\/p>\n<ul>\n<li>Verarbeitung von Interessen und besuchten Profilen (insbesondere, wenn Sie in Ihrem eigenen Profil in dem sozialen Netzwerk angemeldet sind)<\/li>\n<li>Erfassung Ihrer IP-Adresse und weiteren Informationen, die auf Ihrem Endger\u00e4t gespeichert werden, bspw. \u00fcber Cookies<\/li>\n<li>Informationen \u00fcber ihr Endger\u00e4t und ggf. Ihren Standort<\/li>\n<\/ul>\n<p>Die Betreiber sozialer Netzwerke nutzen diese Daten unter anderem, um Ihnen interessenbezogene Werbung zukommen zu lassen und umfangreiche Daten \u00fcber die Besucher und Nutzer zusammenzutragen. Weitere Informationen \u00fcber die Datenverarbeitungsprozesse und Nutzungsbedingungen entnehmen Sie bitte den Datenschutz- und Nutzungsbestimmungen des jeweiligen Plattformbetreibers.<\/p>\n<p><u>Rechtsgrundlage f\u00fcr die Datenverarbeitung<\/u><\/p>\n<p>Die Rechtsgrundlage zum Einsatz von Vimeo ist unser berechtigtes Interesse als Websitebetreiber gem\u00e4\u00df Art. 6 Abs. 1 lit. f) DSGVO an der anschaulichen Darstellung unseres Unternehmens und unseres Produkt- und Leistungsportfolios.<\/p>\n<p><u>Gemeinsame Verantwortlichkeit und Betroffenenrechte<\/u><\/p>\n<p>Wir sind gemeinsam mit dem Betreiber des jeweiligen sozialen Netzwerks f\u00fcr die Verarbeitung Ihrer personenbezogenen Daten verantwortlich gem. Art. 26 DSGVO. Ihre Betroffenenrechte k\u00f6nnen Sie sowohl gegen\u00fcber dem Plattformbetreiber als auch gegen\u00fcber uns geltend machen. Wir weisen darauf hin, dass wir keine Garantien daf\u00fcr \u00fcbernehmen k\u00f6nnen, dass Sie Ihre Betroffenenrechte beim Anbieter des sozialen Netzwerks durchsetzen k\u00f6nnen.<\/p>\n<p><u>Dauer der Speicherung<\/u><\/p>\n<p>Insofern Sie die Cookies nicht l\u00f6schen, verbleiben diese auf Ihrem verwendeten Ger\u00e4t. Sie haben die M\u00f6glichkeit die Speicherung der Cookies durch eine Einstellung in Ihrem Browser zu verhindern. Bitte nutzen Sie daf\u00fcr den Hilfebereich Ihres Webbrowsers und folgen Sie den entsprechenden Anleitungen. Wir weisen darauf hin, dass in diesem Fall m\u00f6glicherweise nicht alle angebotenen Funktionen der Website vollumf\u00e4nglich genutzt werden k\u00f6nnen.<br \/>Die von Ihnen erhobenen Daten \u00fcber unsere Profile in sozialen Netzwerken werden nach Zweckerf\u00fcllung gel\u00f6scht oder Sie uns zur L\u00f6schung Ihrer Daten auffordern. Insofern Sie Ihre Einwilligung in eine Datenverarbeitung gegeben haben, haben Sie jederzeit das Recht diese zu widerrufen. In diesen F\u00e4llen l\u00f6schen wir Ihre Daten ebenfalls. Die gesetzlichen Aufbewahrungsfristen bleiben dabei unber\u00fchrt.<\/p>\n<p><u>Facebook<\/u><\/p>\n<p>Wir betreiben ein Unternehmensprofil bei Facebook. Daf\u00fcr greifen wir auf die technischen Dienste des Betreibers Meta Platforms Ireland Limited, 4 Grand Canal Square, Dublin 2, Irland (im Folgenden \u201eMeta\u201c) zur\u00fcck.<br \/>Wir haben mit Meta einen Zusatz zur Datenverarbeitung geschlossen. Die Vereinbarung finden Sie unter <a href=\"https:\/\/www.facebook.com\/legal\/Workplace_GDPR_Addendum\" target=\"_blank\" rel=\"noopener\">https:\/\/www.facebook.com\/legal\/Workplace_GDPR_Addendum<\/a>.<br \/>Wir weisen darauf hin, dass Meta seinen Hauptsitz in den USA hat. Ihre personenbezogenen Daten k\u00f6nnen auch auf Servern in den USA gespeichert und verarbeitet werden. Der Europ\u00e4ische Gerichtshof (EuGH) hat entschieden, dass die USA kein sicherer Drittstaat im Sinne der DSGVO darstellen und ein anderes Datenschutzniveau als in der EU vorherrscht. Die US-Anbieter sind gesetzlich dazu verpflichtet, personenbezogene Daten ohne Zustimmung der Betroffenen, z.B. an Sicherheitsbeh\u00f6rden, herauszugeben. Wir weisen darauf hin, dass es daher nicht ausgeschlossen werden kann, dass Ihre auf den US-Servern befindlichen Daten zu \u00dcberwachungszwecken oder anderen Zwecken verarbeitet, ausgewertet und dauerhaft gespeichert werden k\u00f6nnen.<br \/>Wir haben keinen Einfluss auf die \u00fcbermittelten Inhalte und die Datenverarbeitung durch Meta. Wenn Sie nicht wollen, dass Daten Ihrem Benutzerkonto zugeordnet werden, loggen Sie sich bitte vor dem Besuch unseres Facebook-Auftritts in Ihrem eigenen Facebook-Profil aus.<br \/>F\u00fcr die weitere Verarbeitung Ihrer personenbezogenen Daten ist Meta verantwortlich. Weitere Informationen zur Datenverarbeitung durch das soziale Netzwerk Facebook entnehmen Sie bitte der Facebook-Datenrichtlinie <a href=\"https:\/\/www.facebook.com\/privacy\/policy\" target=\"_blank\" rel=\"noopener\">https:\/\/www.facebook.com\/privacy\/policy<\/a>.<\/p>\n<p><u>Instagram<\/u><\/p>\n<p>Wir betreiben ein Unternehmensprofil bei Instagram. Daf\u00fcr greifen wir auf die technischen Dienste des Betreibers Meta Platforms Ireland Limited, 4 Grand Canal Square, Dublin 2, Ireland (im Folgenden \u201eMeta\u201c) zur\u00fcck. Die sozialen Netzwerke Instagram und Facebook geh\u00f6ren dem Meta Konzern an.<br \/>Wir haben mit Meta einen Zusatz zur Datenverarbeitung geschlossen. Die Vereinbarung finden Sie unter <a href=\"https:\/\/www.workplace.com\/legal\/Workplace_GDPR_Addendum\" target=\"_blank\" rel=\"noopener\">https:\/\/www.workplace.com\/legal\/Workplace_GDPR_Addendum<\/a>.<br \/>Wir weisen darauf hin, dass Meta seinen Hauptsitz in den USA hat. Ihre personenbezogenen Daten k\u00f6nnen auch auf Servern in den USA gespeichert und verarbeitet werden. Der Europ\u00e4ische Gerichtshof (EuGH) hat entschieden, dass die USA kein sicherer Drittstaat im Sinne der DSGVO darstellen und ein anderes Datenschutzniveau als in der EU vorherrscht. Die US-Anbieter sind gesetzlich dazu verpflichtet, personenbezogene Daten ohne Zustimmung der Betroffenen, z.B. an Sicherheitsbeh\u00f6rden, herauszugeben. Wir weisen darauf hin, dass es daher nicht ausgeschlossen werden kann, dass Ihre auf den US-Servern befindlichen Daten zu \u00dcberwachungszwecken oder anderen Zwecken verarbeitet, ausgewertet und dauerhaft gespeichert werden k\u00f6nnen.<br \/>Wir haben keinen Einfluss auf die \u00fcbermittelten Inhalte und die Datenverarbeitung durch Meta. Wenn Sie nicht wollen, dass Daten Ihrem Benutzerkonto zugeordnet werden, loggen Sie sich bitte vor dem Besuch unseres Instagram-Profils in Ihrem eigenen Instagram-Profil aus.<br \/>F\u00fcr die weitere Verarbeitung Ihrer personenbezogenen Daten ist Meta verantwortlich. Weitere Informationen zur Datenverarbeitung durch das soziale Netzwerk Instagram entnehmen Sie bitte der Instagram-Datenrichtlinie <a href=\"https:\/\/privacycenter.instagram.com\/policy\" target=\"_blank\" rel=\"noopener\">https:\/\/privacycenter.instagram.com\/policy<\/a>.<\/p>\n<\/div><div class=\"nav fusion-mobile-tab-nav\"><ul class=\"nav-tabs\" role=\"tablist\"><li role=\"presentation\"><a class=\"tab-link\" data-toggle=\"tab\" role=\"tab\" aria-controls=\"tab-d48354a2381d9fc9505\" aria-selected=\"false\" tabindex=\"-1\" id=\"mobile-fusion-tab-ihrebetroffenenrechte\" href=\"#tab-d48354a2381d9fc9505\"><h4 class=\"fusion-tab-heading\">Ihre Betroffenenrechte<\/h4><\/a><\/li><\/ul><\/div><div class=\"tab-pane fade fusion-clearfix\" role=\"tabpanel\" tabindex=\"0\" aria-labelledby=\"fusion-tab-ihrebetroffenenrechte\" id=\"tab-d48354a2381d9fc9505\">Werden von Ihnen als Nutzer personenbezogene Daten verarbeitet, so gelten Sie gem\u00e4\u00df der DSGVO als Betroffener. Betroffenen stehen gegen\u00fcber dem Verantwortlichen folgende Rechte zu:<\/p>\n<ul>\n<li>Recht auf Auskunft (Art. 15 DSGVO)<\/li>\n<li>Recht auf Berichtigung oder L\u00f6schung personenbezogener Daten (Art. 16, 17 DSGVO)<\/li>\n<li>Recht auf Einschr\u00e4nkung der Verarbeitung (Art. 18 DSGVO)<\/li>\n<li>Recht auf Mitteilung im Zusammenhang mit der Berichtigung oder L\u00f6schung Ihrer personenbezogenen Daten oder der Einschr\u00e4nkung der Verarbeitung (Art. 19 DSGVO)<\/li>\n<li>Recht auf Daten\u00fcbertragbarkeit (Art. 20 DSGVO)<\/li>\n<li>Recht auf Widerruf erteilter Einwilligungserkl\u00e4rungen. Die Rechtm\u00e4\u00dfigkeit der bis zum Widerruf durchgef\u00fchrten Datenverarbeitung bleibt aufgrund der bis dato g\u00fcltigen Einwilligung unber\u00fchrt. (Art. 7 Abs. 3 DSGVO)<\/li>\n<li>Recht auf Beschwerde bei der Aufsichtsbeh\u00f6rde (Art. 77 DSGVO)<\/li>\n<li>Widerspruchsrecht gegen die Datenerhebung in besonderen F\u00e4llen (Art. 21 Abs. 1 DSGVO): Erfolgt die Datenverarbeitung aufgrund unseres berechtigten Interesses gem. Art. 6 Abs. 1 lit. f) DSGVO haben Sie das Recht, jederzeit aus Gr\u00fcnden, die sich aus Ihrer besonderen Situation ergeben, Widerspruch gegen die Verarbeitung Ihrer personenbezogenen Daten einzulegen. Wenn Sie Widerspruch einlegen, werden Ihre personenbezogenen Daten nicht mehr verarbeitet, es sei denn, wir k\u00f6nnen zwingende schutzw\u00fcrdige Gr\u00fcnde f\u00fcr die Verarbeitung nachweisen, die Ihre Interessen, Rechte und Freiheiten \u00fcberwiegen oder die Verarbeitung der Geltendmachung, Aus\u00fcbung oder Verteidigung von Rechtsanspr\u00fcchen dient.<\/li>\n<li>Widerspruchsrecht gegen Direktwerbung (Art. 21 Abs. 2 DSGVO): Werden Ihre personenbezogenen Daten verarbeitet, um Direktwerbung zu betreiben, so haben Sie das Recht jederzeit Widerspruch gegen diese Verarbeitung einzulegen. Nach einem erteilten Widerspruch werden Ihre personenbezogenen Daten nicht mehr f\u00fcr den Zweck der Direktwerbung verwendet.<\/li>\n<\/ul>\n<\/div><div class=\"nav fusion-mobile-tab-nav\"><ul class=\"nav-tabs\" role=\"tablist\"><li role=\"presentation\"><a class=\"tab-link\" data-toggle=\"tab\" role=\"tab\" aria-controls=\"tab-5ca7dae4cfbed0fef02\" aria-selected=\"false\" tabindex=\"-1\" id=\"mobile-fusion-tab-externelinks\" href=\"#tab-5ca7dae4cfbed0fef02\"><h4 class=\"fusion-tab-heading\">Externe Links<\/h4><\/a><\/li><\/ul><\/div><div class=\"tab-pane fade fusion-clearfix\" role=\"tabpanel\" tabindex=\"0\" aria-labelledby=\"fusion-tab-externelinks\" id=\"tab-5ca7dae4cfbed0fef02\">\n<p class=\"p1\">Unsere Website kann Links zu Websites datenschutzrechtlich Dritter enthalten. Wenn Sie diese Links aufrufen und Sie es dadurch Dritten erm\u00f6glichen Ihre personenbezogenen Daten (z.B. Ihre IP-Adresse) zu verarbeiten, so haben wir auf diese Verarbeitungen keinen Einfluss und k\u00f6nnen demzufolge keine Verantwortung daf\u00fcr \u00fcbernehmen.<br \/>\nDie Weitervermittlung zu anderen Telemedienanbietern zeigen wir an den entsprechenden Stellen symbolisch oder durch textliche Gestaltung an.\n<\/p>\n<\/div><div class=\"nav fusion-mobile-tab-nav\"><ul class=\"nav-tabs\" role=\"tablist\"><li role=\"presentation\"><a class=\"tab-link\" data-toggle=\"tab\" role=\"tab\" aria-controls=\"tab-479ee28dc4e15e03244\" aria-selected=\"false\" tabindex=\"-1\" id=\"mobile-fusion-tab-sicherheit\" href=\"#tab-479ee28dc4e15e03244\"><h4 class=\"fusion-tab-heading\">Sicherheit<\/h4><\/a><\/li><\/ul><\/div><div class=\"tab-pane fade fusion-clearfix\" role=\"tabpanel\" tabindex=\"0\" aria-labelledby=\"fusion-tab-sicherheit\" id=\"tab-479ee28dc4e15e03244\">\n<p class=\"p1\">Der Schutz Ihrer Privatsph\u00e4re ist uns ein ernsthaftes Anliegen. Daher treffen wir geeignete technische und organisatorische Ma\u00dfnahmen, um Ihre personenbezogenen Daten vor Missbrauch, Ver\u00e4nderung und Verlust zu sch\u00fctzen.<span class=\"Apple-converted-space\">\u00a0<\/span><\/p>\n<p class=\"p1\">Ihre Daten werden bei der \u00dcbertragung auf unserer Website mittels eines SSL- bzw. TLS-Zertifikats gesch\u00fctzt. Dass ein solches Zertifikat Einsatz findet, erkennen Sie an der Webadresse als https:\/\/ bzw. einem geschlossenen Schlosssymbol neben der Webadresse.<span class=\"Apple-converted-space\">\u00a0<\/span><\/p>\n<p class=\"p1\">Trotz sorgf\u00e4ltig ausgew\u00e4hlter Sicherheitsvorkehrungen weisen wir darauf hin, dass insbesondere bei der \u00dcbertragung per E-Mail oder unserer Webformulare kein hundertprozentiger Schutz gew\u00e4hrleistet werden kann. Bei der \u00dcbermittlung vertraulicher Informationen bitten wir Sie den postalischen Weg an die in unserem Impressum bereitgestellte Adresse zu richten.<\/p>\n<\/div><div class=\"nav fusion-mobile-tab-nav\"><ul class=\"nav-tabs\" role=\"tablist\"><li role=\"presentation\"><a class=\"tab-link\" data-toggle=\"tab\" role=\"tab\" aria-controls=\"tab-3d05cd7c3718c3da91d\" aria-selected=\"false\" tabindex=\"-1\" id=\"mobile-fusion-tab-widerspruchgegenwerbe-e-mails\" href=\"#tab-3d05cd7c3718c3da91d\"><h4 class=\"fusion-tab-heading\">Widerspruch gegen Werbe-E-Mails<\/h4><\/a><\/li><\/ul><\/div><div class=\"tab-pane fade fusion-clearfix\" role=\"tabpanel\" tabindex=\"0\" aria-labelledby=\"fusion-tab-widerspruchgegenwerbe-e-mails\" id=\"tab-3d05cd7c3718c3da91d\">Der Nutzung ver\u00f6ffentlichten Kontaktdaten in unserem Impressum zur \u00dcbersendung von nicht ausdr\u00fccklich angeforderter Werbung und Informationsmaterialien wird hiermit widersprochen. Die Betreiber der Website behalten sich ausdr\u00fccklich rechtliche Schritte im Falle der unfreiwilligen Zusendung von Werbeinformationen, etwa durch Spam-E-Mails, vor. <\/div><div class=\"nav fusion-mobile-tab-nav\"><ul class=\"nav-tabs\" role=\"tablist\"><li role=\"presentation\"><a class=\"tab-link\" data-toggle=\"tab\" role=\"tab\" aria-controls=\"tab-b0eae4c93b9bc7e50c4\" aria-selected=\"false\" tabindex=\"-1\" id=\"mobile-fusion-tab-aktualit\u00e4tunsererdatenschutzinformation\" href=\"#tab-b0eae4c93b9bc7e50c4\"><h4 class=\"fusion-tab-heading\">Aktualit\u00e4t unserer Datenschutzinformation<\/h4><\/a><\/li><\/ul><\/div><div class=\"tab-pane fade fusion-clearfix\" role=\"tabpanel\" tabindex=\"0\" aria-labelledby=\"fusion-tab-aktualit\u00e4tunsererdatenschutzinformation\" id=\"tab-b0eae4c93b9bc7e50c4\">Unsere Website unterliegt dem technologischen Fortschritt, der mit dem Betrieb und den Nutzungsm\u00f6glichkeiten von Webangeboten einhergeht. Wir behalten uns demnach das Recht vor unsere Datenschutzinformation entsprechend den \u00c4nderungen unserer Sicherheits- und Datenschutzma\u00dfnahmen sowie m\u00f6glichen erweiterten Datenverarbeitungen anzupassen und hier f\u00fcr Sie in der jeweils g\u00fcltigen Version bereitzustellen. <\/div><\/div><\/div><\/div><\/div><div class=\"fusion-layout-column fusion_builder_column fusion-builder-column-4 fusion_builder_column_1_1 1_1 fusion-flex-column fusion-no-medium-visibility fusion-no-large-visibility\" style=\"--awb-bg-size:cover;--awb-width-large:100%;--awb-margin-top-large:0px;--awb-spacing-right-large:1.92%;--awb-margin-bottom-large:20px;--awb-spacing-left-large:1.92%;--awb-width-medium:100%;--awb-order-medium:0;--awb-spacing-right-medium:1.92%;--awb-spacing-left-medium:1.92%;--awb-width-small:100%;--awb-order-small:1;--awb-spacing-right-small:1.92%;--awb-spacing-left-small:1.92%;\"><div class=\"fusion-column-wrapper fusion-column-has-shadow fusion-flex-justify-content-flex-start fusion-content-layout-column\"><div class=\"fusion-image-element\" style=\"--awb-aspect-ratio:1 \/ 1;--awb-object-position:56% 41%;--awb-caption-title-font-family:var(--h2_typography-font-family);--awb-caption-title-font-weight:var(--h2_typography-font-weight);--awb-caption-title-font-style:var(--h2_typography-font-style);--awb-caption-title-size:var(--h2_typography-font-size);--awb-caption-title-transform:var(--h2_typography-text-transform);--awb-caption-title-line-height:var(--h2_typography-line-height);--awb-caption-title-letter-spacing:var(--h2_typography-letter-spacing);\"><span class=\"fusion-imageframe imageframe-none imageframe-3 hover-type-none has-aspect-ratio\"><img decoding=\"async\" width=\"600\" height=\"1067\" alt=\"Anmeldung\" title=\"Anmeldung &#8211; Camping Miramar\" src=\"https:\/\/camping-miramar.de\/wp-content\/uploads\/2022\/09\/Anmeldung-hochformat_DSC6928.jpg\" data-orig-src=\"https:\/\/camping-miramar.de\/wp-content\/uploads\/2022\/09\/Anmeldung-hochformat_DSC6928-600x1067.jpg\" class=\"lazyload img-responsive wp-image-6186 img-with-aspect-ratio\" data-parent-fit=\"cover\" data-parent-container=\".fusion-image-element\" srcset=\"data:image\/svg+xml,%3Csvg%20xmlns%3D%27http%3A%2F%2Fwww.w3.org%2F2000%2Fsvg%27%20width%3D%271200%27%20height%3D%272133%27%20viewBox%3D%270%200%201200%202133%27%3E%3Crect%20width%3D%271200%27%20height%3D%272133%27%20fill-opacity%3D%220%22%2F%3E%3C%2Fsvg%3E\" data-srcset=\"https:\/\/camping-miramar.de\/wp-content\/uploads\/2022\/09\/Anmeldung-hochformat_DSC6928-200x356.jpg 200w, https:\/\/camping-miramar.de\/wp-content\/uploads\/2022\/09\/Anmeldung-hochformat_DSC6928-400x711.jpg 400w, https:\/\/camping-miramar.de\/wp-content\/uploads\/2022\/09\/Anmeldung-hochformat_DSC6928-600x1067.jpg 600w, https:\/\/camping-miramar.de\/wp-content\/uploads\/2022\/09\/Anmeldung-hochformat_DSC6928-800x1422.jpg 800w, https:\/\/camping-miramar.de\/wp-content\/uploads\/2022\/09\/Anmeldung-hochformat_DSC6928.jpg 1200w\" data-sizes=\"auto\" data-orig-sizes=\"(max-width: 1024px) 100vw, (max-width: 640px) 100vw, 600px\" \/><\/span><\/div><\/div><\/div><\/div><\/div><\/div>","protected":false},"excerpt":{"rendered":"","protected":false},"author":5,"featured_media":7214,"parent":0,"menu_order":0,"comment_status":"closed","ping_status":"closed","template":"100-width.php","meta":{"footnotes":""},"class_list":["post-6514","page","type-page","status-publish","has-post-thumbnail","hentry"],"aioseo_notices":[],"_links":{"self":[{"href":"https:\/\/camping-miramar.de\/en\/wp-json\/wp\/v2\/pages\/6514","targetHints":{"allow":["GET"]}}],"collection":[{"href":"https:\/\/camping-miramar.de\/en\/wp-json\/wp\/v2\/pages"}],"about":[{"href":"https:\/\/camping-miramar.de\/en\/wp-json\/wp\/v2\/types\/page"}],"author":[{"embeddable":true,"href":"https:\/\/camping-miramar.de\/en\/wp-json\/wp\/v2\/users\/5"}],"replies":[{"embeddable":true,"href":"https:\/\/camping-miramar.de\/en\/wp-json\/wp\/v2\/comments?post=6514"}],"version-history":[{"count":10,"href":"https:\/\/camping-miramar.de\/en\/wp-json\/wp\/v2\/pages\/6514\/revisions"}],"predecessor-version":[{"id":7481,"href":"https:\/\/camping-miramar.de\/en\/wp-json\/wp\/v2\/pages\/6514\/revisions\/7481"}],"wp:featuredmedia":[{"embeddable":true,"href":"https:\/\/camping-miramar.de\/en\/wp-json\/wp\/v2\/media\/7214"}],"wp:attachment":[{"href":"https:\/\/camping-miramar.de\/en\/wp-json\/wp\/v2\/media?parent=6514"}],"curies":[{"name":"wp","href":"https:\/\/api.w.org\/{rel}","templated":true}]}}